{"id":35,"date":"2017-01-22T19:10:38","date_gmt":"2017-01-22T18:10:38","guid":{"rendered":"http:\/\/www.foerderkreis-schloss-buchenau.de\/?page_id=35"},"modified":"2023-03-26T19:15:28","modified_gmt":"2023-03-26T17:15:28","slug":"ferienwohnung","status":"publish","type":"page","link":"https:\/\/www.foerderkreis-schloss-buchenau.de\/?page_id=35","title":{"rendered":"Ferienwohnung"},"content":{"rendered":"<p>Treten sie aus der Zeit heraus: unsere Ferienwohnung im Kontorhaus von Schloss Buchenau<\/p>\n<p>Abtauchen aus der lauten und hektischen Welt unserer Tage, eintauchen in die Stille einer fast vergangenen Zeit. Unsere Ferienwohnung\u00a0 befindet sich im ehemaligen Kontorhaus der 1933 nach \u00fcber dreihundertj\u00e4hrigem Betrieb geschlossenen\u00a0 Glash\u00fctte Buchenau im Bayerischen Wald. Unmittelbar neben dem Herrenhaus, in einem 20 000 Quadratmeter gro\u00dfen Garten gelegen, verstr\u00f6mt sie mit ihrer stilvollen Einrichtung den Charme versunkener Tage. Nach wenigen Schritten befinden Sie sich in der wieder erwachenden Wildnis des Nationalparks Bayerischer Wald, k\u00f6nnen auf ausgedehnten Wanderungen bis tief in den B\u00f6hmerwald hinein oder auf kleinen Spazierg\u00e4ngen rund um das Dorf wieder zu sich selber finden, die\u00a0 Faszination \u00a0der Langsamkeit neu entdecken. Mit einem Glas Wein unter hohen B\u00e4umen an der Schlossmauer sitzen, alte Rosen bewundern, \u00fcber Skulpturen arrivierter Glask\u00fcnstler meditieren,\u00a0 die Magie einer Quelle erleben, sich vom Hirschb\u00e4chlein und seinem Wasserfall Geschichten erz\u00e4hlen lassen\u00a0 oder sich in der neu restaurierten\u00a0 historischen Kegelbahn mit dem Partner einen kleinen Wettkampf liefern:\u00a0 Der Schlossgarten wird Ihr ganz eigenes Reich sein.<\/p>\n<p>Die Ferienwohnung ist ideal f\u00fcr Menschen, die eine Auszeit von SAT-TV und Internet, L\u00e4rm, Hektik und Terminen suchen, ein Refugium, um zu lesen, miteinander zu reden, zu h\u00f6ren, zu sp\u00fcren, zur Ruhe zu kommen und einfach nur zu sein. Sie bietet mit zwei Schlafzimmern, einem Wohnraum, K\u00fcche mit Esstisch, Dusche, WC und einem Balkon Platz f\u00fcr zwei bis drei Personen. Im ersten Stock gelegen, ist sie f\u00fcr schwerer behinderte Menschen leider nicht geeignet, Haustiere mitzubringen ist nicht m\u00f6glich. Buchenau ist ein kleines Dorf an der Grenze zu B\u00f6hmen im Landkreis Regen gelegen. Falls Sie gelegentlich doch unter Menschen kommen oder nicht selber kochen m\u00f6chten, finden Sie zwei Landgasth\u00e4user im Ort. Die n\u00e4chste Einkaufsm\u00f6glichkeit bietet das zehn Kilometer entfernte Zwiesel. Fr\u00fchst\u00fccksbr\u00f6tchen k\u00f6nnen wir Ihnen aber gerne an die Haust\u00fcre liefern lassen . Unseren Stammg\u00e4ste bieten wir auch F\u00fchrungen durch das Schloss an oder begleiten Sie in der Abend-d\u00e4mmerung zu besonders verzauberten Orten in der Umgebung.<\/p>\n<p>Die Wohnung zu mieten kostet f\u00fcr zwei Personen 385 \u20ac, f\u00fcr drei Personen 455 \u20ac\u00a0 pro Woche (ab 55,00 \u20ac pro \u00dcbernachtung, plus 10,00 \u20ac f\u00fcr eine weitere Person).<\/p>\n<div id='gallery-1' class='gallery galleryid-35 gallery-columns-3 gallery-size-large'><figure class='gallery-item'>\n\t\t\t<div class='gallery-icon landscape'>\n\t\t\t\t<a href='https:\/\/www.foerderkreis-schloss-buchenau.de\/wp-content\/uploads\/2017\/01\/FeWo1.jpg'><img loading=\"lazy\" decoding=\"async\" width=\"525\" height=\"349\" src=\"https:\/\/www.foerderkreis-schloss-buchenau.de\/wp-content\/uploads\/2017\/01\/FeWo1.jpg\" class=\"attachment-large size-large\" alt=\"Ferienwohnung\" srcset=\"https:\/\/www.foerderkreis-schloss-buchenau.de\/wp-content\/uploads\/2017\/01\/FeWo1.jpg 640w, https:\/\/www.foerderkreis-schloss-buchenau.de\/wp-content\/uploads\/2017\/01\/FeWo1-300x200.jpg 300w\" sizes=\"auto, 100vw\" \/><\/a>\n\t\t\t<\/div><\/figure><figure class='gallery-item'>\n\t\t\t<div class='gallery-icon landscape'>\n\t\t\t\t<a href='https:\/\/www.foerderkreis-schloss-buchenau.de\/wp-content\/uploads\/2017\/01\/FeWo3.jpg'><img loading=\"lazy\" decoding=\"async\" width=\"525\" height=\"329\" src=\"https:\/\/www.foerderkreis-schloss-buchenau.de\/wp-content\/uploads\/2017\/01\/FeWo3.jpg\" class=\"attachment-large size-large\" alt=\"Ferienwohnung\" srcset=\"https:\/\/www.foerderkreis-schloss-buchenau.de\/wp-content\/uploads\/2017\/01\/FeWo3.jpg 640w, https:\/\/www.foerderkreis-schloss-buchenau.de\/wp-content\/uploads\/2017\/01\/FeWo3-300x188.jpg 300w\" sizes=\"auto, 100vw\" \/><\/a>\n\t\t\t<\/div><\/figure><figure class='gallery-item'>\n\t\t\t<div class='gallery-icon landscape'>\n\t\t\t\t<a href='https:\/\/www.foerderkreis-schloss-buchenau.de\/wp-content\/uploads\/2017\/01\/FeWo5.jpg'><img loading=\"lazy\" decoding=\"async\" width=\"525\" height=\"349\" src=\"https:\/\/www.foerderkreis-schloss-buchenau.de\/wp-content\/uploads\/2017\/01\/FeWo5.jpg\" class=\"attachment-large size-large\" alt=\"Ferienwohnung\" srcset=\"https:\/\/www.foerderkreis-schloss-buchenau.de\/wp-content\/uploads\/2017\/01\/FeWo5.jpg 640w, https:\/\/www.foerderkreis-schloss-buchenau.de\/wp-content\/uploads\/2017\/01\/FeWo5-300x200.jpg 300w\" sizes=\"auto, 100vw\" \/><\/a>\n\t\t\t<\/div><\/figure><figure class='gallery-item'>\n\t\t\t<div class='gallery-icon landscape'>\n\t\t\t\t<a href='https:\/\/www.foerderkreis-schloss-buchenau.de\/wp-content\/uploads\/2017\/01\/FeWo6.jpg'><img loading=\"lazy\" decoding=\"async\" width=\"525\" height=\"349\" src=\"https:\/\/www.foerderkreis-schloss-buchenau.de\/wp-content\/uploads\/2017\/01\/FeWo6.jpg\" class=\"attachment-large size-large\" alt=\"Ferienwohnung\" srcset=\"https:\/\/www.foerderkreis-schloss-buchenau.de\/wp-content\/uploads\/2017\/01\/FeWo6.jpg 640w, https:\/\/www.foerderkreis-schloss-buchenau.de\/wp-content\/uploads\/2017\/01\/FeWo6-300x200.jpg 300w\" sizes=\"auto, 100vw\" \/><\/a>\n\t\t\t<\/div><\/figure><figure class='gallery-item'>\n\t\t\t<div class='gallery-icon landscape'>\n\t\t\t\t<a href='https:\/\/www.foerderkreis-schloss-buchenau.de\/wp-content\/uploads\/2017\/01\/FeWo10.jpg'><img loading=\"lazy\" decoding=\"async\" width=\"525\" height=\"324\" src=\"https:\/\/www.foerderkreis-schloss-buchenau.de\/wp-content\/uploads\/2017\/01\/FeWo10.jpg\" class=\"attachment-large size-large\" alt=\"Ferienwohnung\" srcset=\"https:\/\/www.foerderkreis-schloss-buchenau.de\/wp-content\/uploads\/2017\/01\/FeWo10.jpg 640w, https:\/\/www.foerderkreis-schloss-buchenau.de\/wp-content\/uploads\/2017\/01\/FeWo10-300x185.jpg 300w\" sizes=\"auto, 100vw\" \/><\/a>\n\t\t\t<\/div><\/figure><figure class='gallery-item'>\n\t\t\t<div class='gallery-icon landscape'>\n\t\t\t\t<a href='https:\/\/www.foerderkreis-schloss-buchenau.de\/wp-content\/uploads\/2017\/01\/FeWo11.jpg'><img loading=\"lazy\" decoding=\"async\" width=\"525\" height=\"349\" src=\"https:\/\/www.foerderkreis-schloss-buchenau.de\/wp-content\/uploads\/2017\/01\/FeWo11.jpg\" class=\"attachment-large size-large\" alt=\"Ferienwohnung\" srcset=\"https:\/\/www.foerderkreis-schloss-buchenau.de\/wp-content\/uploads\/2017\/01\/FeWo11.jpg 640w, https:\/\/www.foerderkreis-schloss-buchenau.de\/wp-content\/uploads\/2017\/01\/FeWo11-300x200.jpg 300w\" sizes=\"auto, 100vw\" \/><\/a>\n\t\t\t<\/div><\/figure>\n\t\t<\/div>\n\n\n\n<figure class=\"wp-block-gallery has-nested-images columns-default is-cropped wp-block-gallery-1 is-layout-flex wp-block-gallery-is-layout-flex\">\n<figure class=\"wp-block-image size-large\"><img loading=\"lazy\" decoding=\"async\" width=\"640\" height=\"426\" data-id=\"73\" src=\"https:\/\/www.foerderkreis-schloss-buchenau.de\/wp-content\/uploads\/2017\/01\/FeWo11.jpg\" alt=\"Ferienwohnung\" class=\"wp-image-73\" srcset=\"https:\/\/www.foerderkreis-schloss-buchenau.de\/wp-content\/uploads\/2017\/01\/FeWo11.jpg 640w, https:\/\/www.foerderkreis-schloss-buchenau.de\/wp-content\/uploads\/2017\/01\/FeWo11-300x200.jpg 300w\" sizes=\"auto, (max-width: 640px) 100vw, 640px\" \/><\/figure>\n\n\n\n<figure class=\"wp-block-image size-large\"><img loading=\"lazy\" decoding=\"async\" width=\"640\" height=\"395\" data-id=\"72\" src=\"https:\/\/www.foerderkreis-schloss-buchenau.de\/wp-content\/uploads\/2017\/01\/FeWo10.jpg\" alt=\"Ferienwohnung\" class=\"wp-image-72\" srcset=\"https:\/\/www.foerderkreis-schloss-buchenau.de\/wp-content\/uploads\/2017\/01\/FeWo10.jpg 640w, https:\/\/www.foerderkreis-schloss-buchenau.de\/wp-content\/uploads\/2017\/01\/FeWo10-300x185.jpg 300w\" sizes=\"auto, (max-width: 640px) 100vw, 640px\" \/><\/figure>\n\n\n\n<figure class=\"wp-block-image size-large\"><img loading=\"lazy\" decoding=\"async\" width=\"640\" height=\"426\" data-id=\"71\" src=\"https:\/\/www.foerderkreis-schloss-buchenau.de\/wp-content\/uploads\/2017\/01\/FeWo6.jpg\" alt=\"Ferienwohnung\" class=\"wp-image-71\" srcset=\"https:\/\/www.foerderkreis-schloss-buchenau.de\/wp-content\/uploads\/2017\/01\/FeWo6.jpg 640w, https:\/\/www.foerderkreis-schloss-buchenau.de\/wp-content\/uploads\/2017\/01\/FeWo6-300x200.jpg 300w\" sizes=\"auto, (max-width: 640px) 100vw, 640px\" \/><\/figure>\n\n\n\n<figure class=\"wp-block-image size-large\"><img loading=\"lazy\" decoding=\"async\" width=\"640\" height=\"426\" data-id=\"70\" src=\"https:\/\/www.foerderkreis-schloss-buchenau.de\/wp-content\/uploads\/2017\/01\/FeWo5.jpg\" alt=\"Ferienwohnung\" class=\"wp-image-70\" srcset=\"https:\/\/www.foerderkreis-schloss-buchenau.de\/wp-content\/uploads\/2017\/01\/FeWo5.jpg 640w, https:\/\/www.foerderkreis-schloss-buchenau.de\/wp-content\/uploads\/2017\/01\/FeWo5-300x200.jpg 300w\" sizes=\"auto, (max-width: 640px) 100vw, 640px\" \/><\/figure>\n\n\n\n<figure class=\"wp-block-image size-large\"><img loading=\"lazy\" decoding=\"async\" width=\"640\" height=\"401\" data-id=\"69\" src=\"https:\/\/www.foerderkreis-schloss-buchenau.de\/wp-content\/uploads\/2017\/01\/FeWo3.jpg\" alt=\"Ferienwohnung\" class=\"wp-image-69\" srcset=\"https:\/\/www.foerderkreis-schloss-buchenau.de\/wp-content\/uploads\/2017\/01\/FeWo3.jpg 640w, https:\/\/www.foerderkreis-schloss-buchenau.de\/wp-content\/uploads\/2017\/01\/FeWo3-300x188.jpg 300w\" sizes=\"auto, (max-width: 640px) 100vw, 640px\" \/><\/figure>\n\n\n\n<figure class=\"wp-block-image size-large\"><img loading=\"lazy\" decoding=\"async\" width=\"640\" height=\"426\" data-id=\"68\" src=\"https:\/\/www.foerderkreis-schloss-buchenau.de\/wp-content\/uploads\/2017\/01\/FeWo1.jpg\" alt=\"Ferienwohnung\" class=\"wp-image-68\" srcset=\"https:\/\/www.foerderkreis-schloss-buchenau.de\/wp-content\/uploads\/2017\/01\/FeWo1.jpg 640w, https:\/\/www.foerderkreis-schloss-buchenau.de\/wp-content\/uploads\/2017\/01\/FeWo1-300x200.jpg 300w\" sizes=\"auto, (max-width: 640px) 100vw, 640px\" \/><\/figure>\n<\/figure>\n","protected":false},"excerpt":{"rendered":"<p>Treten sie aus der Zeit heraus: unsere Ferienwohnung im Kontorhaus von Schloss Buchenau Abtauchen aus der lauten und hektischen Welt unserer Tage, eintauchen in die Stille einer fast vergangenen Zeit. Unsere Ferienwohnung\u00a0 befindet sich im ehemaligen Kontorhaus der 1933 nach \u00fcber dreihundertj\u00e4hrigem Betrieb geschlossenen\u00a0 Glash\u00fctte Buchenau im Bayerischen Wald. Unmittelbar neben dem Herrenhaus, in einem &hellip; <\/p>\n<p class=\"link-more\"><a href=\"https:\/\/www.foerderkreis-schloss-buchenau.de\/?page_id=35\" class=\"more-link\"><span class=\"screen-reader-text\">\u201eFerienwohnung\u201c <\/span>weiterlesen<\/a><\/p>\n","protected":false},"author":1,"featured_media":0,"parent":29,"menu_order":0,"comment_status":"closed","ping_status":"closed","template":"","meta":{"footnotes":""},"class_list":["post-35","page","type-page","status-publish","hentry"],"_links":{"self":[{"href":"https:\/\/www.foerderkreis-schloss-buchenau.de\/index.php?rest_route=\/wp\/v2\/pages\/35","targetHints":{"allow":["GET"]}}],"collection":[{"href":"https:\/\/www.foerderkreis-schloss-buchenau.de\/index.php?rest_route=\/wp\/v2\/pages"}],"about":[{"href":"https:\/\/www.foerderkreis-schloss-buchenau.de\/index.php?rest_route=\/wp\/v2\/types\/page"}],"author":[{"embeddable":true,"href":"https:\/\/www.foerderkreis-schloss-buchenau.de\/index.php?rest_route=\/wp\/v2\/users\/1"}],"replies":[{"embeddable":true,"href":"https:\/\/www.foerderkreis-schloss-buchenau.de\/index.php?rest_route=%2Fwp%2Fv2%2Fcomments&post=35"}],"version-history":[{"count":5,"href":"https:\/\/www.foerderkreis-schloss-buchenau.de\/index.php?rest_route=\/wp\/v2\/pages\/35\/revisions"}],"predecessor-version":[{"id":953,"href":"https:\/\/www.foerderkreis-schloss-buchenau.de\/index.php?rest_route=\/wp\/v2\/pages\/35\/revisions\/953"}],"up":[{"embeddable":true,"href":"https:\/\/www.foerderkreis-schloss-buchenau.de\/index.php?rest_route=\/wp\/v2\/pages\/29"}],"wp:attachment":[{"href":"https:\/\/www.foerderkreis-schloss-buchenau.de\/index.php?rest_route=%2Fwp%2Fv2%2Fmedia&parent=35"}],"curies":[{"name":"wp","href":"https:\/\/api.w.org\/{rel}","templated":true}]}}